{"id":146,"date":"2024-03-25T11:46:06","date_gmt":"2024-03-25T10:46:06","guid":{"rendered":"https:\/\/paroisses-guidel.fr\/?page_id=146"},"modified":"2024-06-09T15:57:01","modified_gmt":"2024-06-09T13:57:01","slug":"ordination-et-vie-consacree","status":"publish","type":"page","link":"https:\/\/paroisses-guidel.fr\/index.php\/ordination-et-vie-consacree\/","title":{"rendered":"Ordination et vie consacr\u00e9e"},"content":{"rendered":"\n<p class=\"has-text-align-center has-primary-color has-text-color has-link-color has-large-font-size wp-elements-2579fb18c85240b6751dd121e49497b4\"><strong><em>\u00ab&nbsp;Ce n\u2019est pas vous qui m\u2019avez choisi, c\u2019est moi qui vous ai choisis.&nbsp;\u00bb<\/em><\/strong><\/p>\n\n\n\n<p class=\"has-text-align-right has-primary-color has-text-color has-link-color has-normal-font-size wp-elements-8b7fcb507112ce4dd3e617a1a5ba681a\"><strong>\u00a0\u00a0\u00a0\u00a0\u00a0\u00a0\u00a0\u00a0\u00a0\u00a0\u00a0\u00a0\u00a0\u00a0\u00a0\u00a0\u00a0\u00a0\u00a0\u00a0\u00a0\u00a0\u00a0\u00a0\u00a0\u00a0\u00a0\u00a0\u00a0\u00a0\u00a0\u00a0\u00a0\u00a0\u00a0\u00a0\u00a0\u00a0\u00a0\u00a0\u00a0\u00a0\u00a0\u00a0\u00a0\u00a0\u00a0\u00a0\u00a0\u00a0\u00a0\u00a0\u00a0\u00a0\u00a0\u00a0\u00a0\u00a0\u00a0\u00a0\u00a0\u00a0\u00a0\u00a0\u00a0\u00a0\u00a0\u00a0\u00a0\u00a0\u00a0\u00a0\u00a0\u00a0\u00a0\u00a0\u00a0\u00a0\u00a0\u00a0\u00a0\u00a0\u00a0\u00a0\u00a0\u00a0\u00a0\u00a0\u00a0\u00a0\u00a0\u00a0\u00a0\u00a0\u00a0\u00a0\u00a0\u00a0\u00a0\u00a0\u00a0\u00a0\u00a0\u00a0\u00a0\u00a0\u00a0\u00a0\u00a0 <\/strong>Jn 15,16<\/p>\n\n\n\n<p>Voici les coordonn\u00e9es du service des vocation du dioc\u00e8se de Vannes&nbsp;: <a href=\"https:\/\/www.vannes.catholique.fr\/service-des-vocations\/#:~:text=Au%20service%20de%20tous%2C%20le,les%20accompagne%20dans%20leur%20discernement.\" target=\"_blank\" rel=\"noreferrer noopener\">Service des vocations<\/a><\/p>\n\n\n\n<p>Notre pri\u00e8re vous accompagne&nbsp;!<\/p>\n\n\n\n<figure class=\"wp-block-embed is-type-video is-provider-youtube wp-block-embed-youtube wp-embed-aspect-16-9 wp-has-aspect-ratio\"><div class=\"wp-block-embed__wrapper\">\n<iframe loading=\"lazy\" title=\"Les 7 Sacrements | L&#039;ordre\" width=\"750\" height=\"422\" src=\"https:\/\/www.youtube.com\/embed\/PggOdhD1zTA?feature=oembed\" frameborder=\"0\" allow=\"accelerometer; autoplay; clipboard-write; encrypted-media; gyroscope; picture-in-picture; web-share\" referrerpolicy=\"strict-origin-when-cross-origin\" allowfullscreen><\/iframe>\n<\/div><\/figure>\n","protected":false},"excerpt":{"rendered":"<p>\u00ab&nbsp;Ce n\u2019est pas vous qui m\u2019avez choisi, c\u2019est moi qui vous ai choisis.&nbsp;\u00bb \u00a0\u00a0\u00a0\u00a0\u00a0\u00a0\u00a0\u00a0\u00a0\u00a0\u00a0\u00a0\u00a0\u00a0\u00a0\u00a0\u00a0\u00a0\u00a0\u00a0\u00a0\u00a0\u00a0\u00a0\u00a0\u00a0\u00a0\u00a0\u00a0\u00a0\u00a0\u00a0\u00a0\u00a0\u00a0\u00a0\u00a0\u00a0\u00a0\u00a0\u00a0\u00a0\u00a0\u00a0\u00a0\u00a0\u00a0\u00a0\u00a0\u00a0\u00a0\u00a0\u00a0\u00a0\u00a0\u00a0\u00a0\u00a0\u00a0\u00a0\u00a0\u00a0\u00a0\u00a0\u00a0\u00a0\u00a0\u00a0\u00a0\u00a0\u00a0\u00a0\u00a0\u00a0\u00a0\u00a0\u00a0\u00a0\u00a0\u00a0\u00a0\u00a0\u00a0\u00a0\u00a0\u00a0\u00a0\u00a0\u00a0\u00a0\u00a0\u00a0\u00a0\u00a0\u00a0\u00a0\u00a0\u00a0\u00a0\u00a0\u00a0\u00a0\u00a0\u00a0\u00a0\u00a0\u00a0\u00a0\u00a0 Jn 15,16 Voici les coordonn\u00e9es du service des vocation du dioc\u00e8se de Vannes&nbsp;: Service des vocations Notre pri\u00e8re vous accompagne&nbsp;!<\/p>\n","protected":false},"author":1,"featured_media":0,"parent":0,"menu_order":0,"comment_status":"closed","ping_status":"closed","template":"","meta":{"iawp_total_views":43,"footnotes":""},"class_list":["post-146","page","type-page","status-publish","hentry","entry"],"_links":{"self":[{"href":"https:\/\/paroisses-guidel.fr\/index.php\/wp-json\/wp\/v2\/pages\/146","targetHints":{"allow":["GET"]}}],"collection":[{"href":"https:\/\/paroisses-guidel.fr\/index.php\/wp-json\/wp\/v2\/pages"}],"about":[{"href":"https:\/\/paroisses-guidel.fr\/index.php\/wp-json\/wp\/v2\/types\/page"}],"author":[{"embeddable":true,"href":"https:\/\/paroisses-guidel.fr\/index.php\/wp-json\/wp\/v2\/users\/1"}],"replies":[{"embeddable":true,"href":"https:\/\/paroisses-guidel.fr\/index.php\/wp-json\/wp\/v2\/comments?post=146"}],"version-history":[{"count":10,"href":"https:\/\/paroisses-guidel.fr\/index.php\/wp-json\/wp\/v2\/pages\/146\/revisions"}],"predecessor-version":[{"id":2014,"href":"https:\/\/paroisses-guidel.fr\/index.php\/wp-json\/wp\/v2\/pages\/146\/revisions\/2014"}],"wp:attachment":[{"href":"https:\/\/paroisses-guidel.fr\/index.php\/wp-json\/wp\/v2\/media?parent=146"}],"curies":[{"name":"wp","href":"https:\/\/api.w.org\/{rel}","templated":true}]}}