{"id":167,"date":"2024-03-25T12:00:01","date_gmt":"2024-03-25T11:00:01","guid":{"rendered":"https:\/\/paroisses-guidel.fr\/?page_id=167"},"modified":"2025-06-02T22:03:34","modified_gmt":"2025-06-02T20:03:34","slug":"organiser-un-evenement","status":"publish","type":"page","link":"https:\/\/paroisses-guidel.fr\/index.php\/organiser-un-evenement\/","title":{"rendered":"Organiser un \u00e9v\u00e8nement culturel"},"content":{"rendered":"\n<p class=\"has-text-align-center has-primary-color has-text-color has-link-color has-large-font-size wp-elements-c485af6675740141d96ee1a6a0bdaffc\"><strong><em>\u00ab&nbsp;Entre l\u2019Evangile et l\u2019art, une alliance f\u00e9conde&nbsp;\u00bb<\/em><\/strong><br><\/p>\n\n\n\n<p class=\"has-text-align-right has-primary-color has-text-color has-link-color wp-elements-afe9a374fb03aa032aeea0607f964b28\">Saint Jean-Paul II<\/p>\n\n\n\n<p class=\"has-large-font-size\"><strong>Bienvenue !<\/strong><\/p>\n\n\n\n<p>Il y a mille fa\u00e7ons de partager au plus grand nombre ce qui nous fait vivre. Un concert, une conf\u00e9rence, une exposition, un \u00e9v\u00e8nement solidaire\u2026 autant de fa\u00e7on de tisser du lien, vivre et t\u00e9moigner de l\u2019actualit\u00e9 de l\u2019Evangile. Laissez-vous inspirer et donnez libre court \u00e0 vos envies d\u2019initiative !<\/p>\n\n\n\n<p>Vous \u00eates d\u00e9sireux d\u2019organiser un \u00e9v\u00e9nement culturel dans l\u2019un de nos \u00e9difices ? C\u2019est notre \u00e9quipe culturelle qui assure la s\u00e9lection et la planification des propositions jug\u00e9es compatibles avec la vocation spirituelle de nos \u00e9glises et chapelles affect\u00e9es au culte.<\/p>\n\n\n\n<p class=\"has-primary-color has-text-color has-link-color wp-elements-028795ca7bc20c97ff5cdc87b3c2942d\">Merci de prendre connaissance de notre dossier et de retourner ce dossier dans la bo\u00eete aux lettres du presbyt\u00e8re, en version papier et par mail, scann\u00e9e, au r\u00e9f\u00e9rent du lieu que vous sollicitez ainsi qu\u2019\u00e0 l\u2019adresse paroissiale <a href=\"mailto:guidel@diocese-vannes.fr\">guidel@diocese-vannes.fr<\/a>. Pour acc\u00e9der aux documents, <strong><a href=\"https:\/\/www.dropbox.com\/scl\/fi\/egwg5s9uh4hskodzl4u5v\/2024_dossier_organiser_un_evt_culturel.pdf?rlkey=y5bw16zbykktqib2ar6x5kpfl&amp;dl=0\" target=\"_blank\" rel=\"noreferrer noopener\">cliquez ici<\/a><\/strong><\/p>\n\n\n\n<p>Notre \u00e9quipe culturelle\u00a0:<br><strong>Marie-Andr\u00e9e GUYOT<\/strong>, <a href=\"mailto:maguyot@orange.fr\" target=\"_blank\" rel=\"noreferrer noopener\">maguyot@orange.fr<\/a> &#8211; <a href=\"tel:0629522092\" target=\"_blank\" rel=\"noreferrer noopener\">06 29 52 20 92<\/a><br><strong>St\u00e9phanie JANSSEN<\/strong>, <a href=\"mailto:st.janssen@orange.fr\" target=\"_blank\" rel=\"noreferrer noopener\">st.janssen@orange.fr<\/a> &#8211; <a href=\"tel:06 80 85 95 35\" target=\"_blank\" rel=\"noreferrer noopener\">06 80 85 95 35<\/a><\/p>\n\n\n\n<p><strong>Nos r\u00e9f\u00e9rents locaux&nbsp;:<\/strong><strong><\/strong><\/p>\n\n\n\n<p><strong>Eglise Saint Pierre Saint Paul de Guidel<\/strong>&nbsp;: <br>Marie-Andr\u00e9e GUYOT, <a href=\"mailto:maguyot@orange.fr\" target=\"_blank\" rel=\"noreferrer noopener\">maguyot@orange.fr<\/a> &#8211; <a href=\"tel:06 29 52 20 92\" target=\"_blank\" rel=\"noreferrer noopener\">06 29 52 20 92<\/a><\/p>\n\n\n\n<p><strong>Eglise Notre Dame des Fleurs de Gestel<\/strong>\u00a0:<br>Jean-Claude ROBERT, <a href=\"mailto:jcr56530@gmail.com\" target=\"_blank\" rel=\"noreferrer noopener\">jcr56530@gmail.com<\/a> &#8211; <a href=\"tel:0631839314\" target=\"_blank\" rel=\"noreferrer noopener\">06 31 83 93 14<\/a><\/p>\n\n\n\n<p><strong>Chapelle de La Madeleine<\/strong>&nbsp;: Marie-Th\u00e9r\u00e8se Le Bechennec<\/p>\n\n\n\n<p><strong>Chapelle de Locmaria<\/strong>&nbsp;: Marie-H\u00e9l\u00e8ne Guillerme<br><a href=\"mailto:marieheleneguillerme@gmail.com\" target=\"_blank\" rel=\"noreferrer noopener\">marieheleneguillerme@gmail.com<\/a> &#8211;  <a href=\"tel:0671320617\">06 71 32 06 17<\/a><\/p>\n\n\n\n<p><strong>Chapelle Notre Dame de Piti\u00e9<\/strong>&nbsp;: Jean-Yves Bardouil<br><a href=\"mailto:bardouil.jean-yves@orange.fr\" target=\"_blank\" rel=\"noreferrer noopener\">bardouil.jean-yves@orange.fr<\/a> &#8211; <a href=\"tel:0610931674\" target=\"_blank\" rel=\"noreferrer noopener\">06 10 93 16 74<\/a><\/p>\n\n\n\n<p><strong>Chapelle Saint Fiacre<\/strong>&nbsp;: Christiane ROBIN,<br><a href=\"mailto:christiane.robin50@sfr.fr\" target=\"_blank\" rel=\"noreferrer noopener\">christiane.robin50@sfr.fr<\/a> &#8211; <a href=\"tel:0617527311\" target=\"_blank\" rel=\"noreferrer noopener\">06 17 52 73 11<\/a><\/p>\n\n\n\n<p><strong>Chapelle Saint Laurent<\/strong>&nbsp;: Gis\u00e8le LE GAL<br><a href=\"mailto:gisele.le-gal@laposte.net\" target=\"_blank\" rel=\"noreferrer noopener\">gisele.le-gal@laposte.net<\/a><\/p>\n\n\n\n<p><strong>Chapelle Saint Matthieu<\/strong>&nbsp;: Jo\u00ebl Bienvenu<br><a href=\"mailto:joelbienvenu@neuf.fr\" target=\"_blank\" rel=\"noreferrer noopener\">joelbienvenu@neuf.fr<\/a> &#8211;&nbsp;<a href=\"tel:0297653512\" target=\"_blank\" rel=\"noreferrer noopener\">02 97 65 35 12<\/a><\/p>\n\n\n\n<p><strong>Chapelle Saint Michel<\/strong>&nbsp;: Marie-Th\u00e9r\u00e8se BEUZET<br><a href=\"mailto:patrick.beuzet@sfr.fr\" target=\"_blank\" rel=\"noreferrer noopener\">patrick.beuzet@sfr.fr<\/a> &#8211; <a href=\"tel:0782048836\" target=\"_blank\" rel=\"noreferrer noopener\">07 82 04 88 36<\/a><br><br><\/p>\n","protected":false},"excerpt":{"rendered":"<p>\u00ab&nbsp;Entre l\u2019Evangile et l\u2019art, une alliance f\u00e9conde&nbsp;\u00bb Saint Jean-Paul II Bienvenue ! Il y a mille fa\u00e7ons de partager au plus grand nombre ce qui nous fait vivre. Un concert, une conf\u00e9rence, une exposition, un \u00e9v\u00e8nement solidaire\u2026 autant de fa\u00e7on de tisser du lien, vivre et t\u00e9moigner de l\u2019actualit\u00e9 de l\u2019Evangile. Laissez-vous inspirer et donnez<a class=\"more-link\" href=\"https:\/\/paroisses-guidel.fr\/index.php\/organiser-un-evenement\/\">Lire la suite <span class=\"screen-reader-text\">\u00ab\u00a0Organiser un \u00e9v\u00e8nement culturel\u00a0\u00bb<\/span><\/a><\/p>\n","protected":false},"author":1,"featured_media":0,"parent":0,"menu_order":0,"comment_status":"closed","ping_status":"closed","template":"","meta":{"iawp_total_views":525,"footnotes":""},"class_list":["post-167","page","type-page","status-publish","hentry","entry"],"_links":{"self":[{"href":"https:\/\/paroisses-guidel.fr\/index.php\/wp-json\/wp\/v2\/pages\/167","targetHints":{"allow":["GET"]}}],"collection":[{"href":"https:\/\/paroisses-guidel.fr\/index.php\/wp-json\/wp\/v2\/pages"}],"about":[{"href":"https:\/\/paroisses-guidel.fr\/index.php\/wp-json\/wp\/v2\/types\/page"}],"author":[{"embeddable":true,"href":"https:\/\/paroisses-guidel.fr\/index.php\/wp-json\/wp\/v2\/users\/1"}],"replies":[{"embeddable":true,"href":"https:\/\/paroisses-guidel.fr\/index.php\/wp-json\/wp\/v2\/comments?post=167"}],"version-history":[{"count":14,"href":"https:\/\/paroisses-guidel.fr\/index.php\/wp-json\/wp\/v2\/pages\/167\/revisions"}],"predecessor-version":[{"id":4184,"href":"https:\/\/paroisses-guidel.fr\/index.php\/wp-json\/wp\/v2\/pages\/167\/revisions\/4184"}],"wp:attachment":[{"href":"https:\/\/paroisses-guidel.fr\/index.php\/wp-json\/wp\/v2\/media?parent=167"}],"curies":[{"name":"wp","href":"https:\/\/api.w.org\/{rel}","templated":true}]}}