{"id":99,"date":"2024-03-25T11:28:43","date_gmt":"2024-03-25T10:28:43","guid":{"rendered":"https:\/\/paroisses-guidel.fr\/?page_id=99"},"modified":"2024-06-11T20:14:24","modified_gmt":"2024-06-11T18:14:24","slug":"chapelet","status":"publish","type":"page","link":"https:\/\/paroisses-guidel.fr\/index.php\/chapelet\/","title":{"rendered":"Chapelet"},"content":{"rendered":"\n<p class=\"has-text-align-center has-primary-color has-text-color has-link-color has-large-font-size wp-elements-edf28ab90e0cc54e6f53083c64d73577\"><strong>\u00ab&nbsp;<em>Le chapelet est ma pri\u00e8re pr\u00e9f\u00e9r\u00e9e<\/em>&nbsp;\u00bb<\/strong><br> <\/p>\n\n\n\n<p class=\"has-text-align-right has-primary-color has-text-color has-link-color has-normal-font-size wp-elements-f14091b4017b4fca5d00be544d1cd28a\">Saint Jean-Paul II<\/p>\n\n\n\n<p>Le chapelet est une m\u00e9ditation de la vie du Christ. C\u2019est un ensemble de pri\u00e8res successives d\u00e9di\u00e9es \u00e0 Marie, interrompues \u00e0 intervalles r\u00e9guliers par une pri\u00e8re \u00e0 Dieu le P\u00e8re. Chaque s\u00e9rie est consacr\u00e9e \u00e0 la m\u00e9ditation d\u2019un passage d\u2019Evangile dans lequel Marie, mod\u00e8le du chr\u00e9tien, joue un r\u00f4le central.<\/p>\n\n\n\n<p class=\"has-primary-color has-text-color has-link-color wp-elements-3d462104642c317d8c217c8024935377\"><em><strong>\u00ab\u00a0R\u00e9sum\u00e9 de tout l&rsquo;\u00c9vangile\u00a0\u00bb<\/strong><\/em> selon Paul VI,<strong>&nbsp;<em>\u00ab\u00a0douce cha\u00eene qui nous relie \u00e0 Dieu\u00a0\u00bb<\/em><\/strong> selon Jean-Paul II, le Rosaire est une pri\u00e8re simple, dont le caract\u00e8re r\u00e9p\u00e9titif ne doit pas \u00e9voquer un quelconque rite magique. C&rsquo;est au contraire apprendre \u00e0 avoir les yeux fix\u00e9s sur le Christ, c\u2019est s&rsquo;abandonner \u00e0 la confiance et au d\u00e9tachement. Le Rosaire est une v\u00e9ritable \u00e9cole de la confiance.<\/p>\n\n\n<div class=\"wp-block-image is-style-rounded\">\n<figure class=\"aligncenter size-full is-resized\"><img loading=\"lazy\" decoding=\"async\" width=\"2560\" height=\"1920\" src=\"https:\/\/paroisses-guidel.fr\/wp-content\/uploads\/2024\/06\/Chapelet-scaled.jpg\" alt=\"\" class=\"wp-image-1725\" style=\"width:329px;height:auto\" srcset=\"https:\/\/paroisses-guidel.fr\/wp-content\/uploads\/2024\/06\/Chapelet-scaled.jpg 2560w, https:\/\/paroisses-guidel.fr\/wp-content\/uploads\/2024\/06\/Chapelet-300x225.jpg 300w, https:\/\/paroisses-guidel.fr\/wp-content\/uploads\/2024\/06\/Chapelet-1024x768.jpg 1024w, https:\/\/paroisses-guidel.fr\/wp-content\/uploads\/2024\/06\/Chapelet-768x576.jpg 768w, https:\/\/paroisses-guidel.fr\/wp-content\/uploads\/2024\/06\/Chapelet-1536x1152.jpg 1536w, https:\/\/paroisses-guidel.fr\/wp-content\/uploads\/2024\/06\/Chapelet-2048x1536.jpg 2048w, https:\/\/paroisses-guidel.fr\/wp-content\/uploads\/2024\/06\/Chapelet-1568x1176.jpg 1568w\" sizes=\"auto, (max-width: 2560px) 100vw, 2560px\" \/><\/figure>\n<\/div>\n\n\n<p>On dit un chapelet en vingt minutes environ, il faut donc compter une heure et demi environ pour un rosaire qui comporte quatre chapelets diff\u00e9rents.<\/p>\n\n\n\n<p><strong>Vous avez entendu parler de la pri\u00e8re du chapelet et vous vous posez des questions\u2026 Vous voulez d\u00e9couvrir le comment et le pourquoi de cette pri\u00e8re&nbsp;? Un jour \u00e0 Guidel na\u00eetra, nous l&rsquo;esp\u00e9rons, une pri\u00e8re r\u00e9guli\u00e8re du chapelet&nbsp;!<\/strong><\/p>\n\n\n\n<p class=\"has-primary-color has-text-color has-link-color has-normal-font-size wp-elements-922eb789bb34a3e6c4f716385b1fd35a\"><strong>Pri\u00e8re mariale<\/strong><br><strong>tous les mardis du mois de MAI,<\/strong><br><strong>\u00e0 la <a href=\"https:\/\/paroisses-guidel.fr\/index.php\/notre-dame-de-la-pitie\/\" data-type=\"page\" data-id=\"54\" target=\"_blank\" rel=\"noreferrer noopener\">chapelle Notre-Dame-de-Piti\u00e9<\/a><\/strong><br><strong>\u00e0 18h00 (2 dizaines m\u00e9dit\u00e9es et messe)<\/strong><\/p>\n","protected":false},"excerpt":{"rendered":"<p>\u00ab&nbsp;Le chapelet est ma pri\u00e8re pr\u00e9f\u00e9r\u00e9e&nbsp;\u00bb Saint Jean-Paul II Le chapelet est une m\u00e9ditation de la vie du Christ. C\u2019est un ensemble de pri\u00e8res successives d\u00e9di\u00e9es \u00e0 Marie, interrompues \u00e0 intervalles r\u00e9guliers par une pri\u00e8re \u00e0 Dieu le P\u00e8re. Chaque s\u00e9rie est consacr\u00e9e \u00e0 la m\u00e9ditation d\u2019un passage d\u2019Evangile dans lequel Marie, mod\u00e8le du chr\u00e9tien,<a class=\"more-link\" href=\"https:\/\/paroisses-guidel.fr\/index.php\/chapelet\/\">Lire la suite <span class=\"screen-reader-text\">\u00ab\u00a0Chapelet\u00a0\u00bb<\/span><\/a><\/p>\n","protected":false},"author":1,"featured_media":0,"parent":0,"menu_order":0,"comment_status":"closed","ping_status":"closed","template":"","meta":{"iawp_total_views":89,"footnotes":""},"class_list":["post-99","page","type-page","status-publish","hentry","entry"],"_links":{"self":[{"href":"https:\/\/paroisses-guidel.fr\/index.php\/wp-json\/wp\/v2\/pages\/99","targetHints":{"allow":["GET"]}}],"collection":[{"href":"https:\/\/paroisses-guidel.fr\/index.php\/wp-json\/wp\/v2\/pages"}],"about":[{"href":"https:\/\/paroisses-guidel.fr\/index.php\/wp-json\/wp\/v2\/types\/page"}],"author":[{"embeddable":true,"href":"https:\/\/paroisses-guidel.fr\/index.php\/wp-json\/wp\/v2\/users\/1"}],"replies":[{"embeddable":true,"href":"https:\/\/paroisses-guidel.fr\/index.php\/wp-json\/wp\/v2\/comments?post=99"}],"version-history":[{"count":17,"href":"https:\/\/paroisses-guidel.fr\/index.php\/wp-json\/wp\/v2\/pages\/99\/revisions"}],"predecessor-version":[{"id":2099,"href":"https:\/\/paroisses-guidel.fr\/index.php\/wp-json\/wp\/v2\/pages\/99\/revisions\/2099"}],"wp:attachment":[{"href":"https:\/\/paroisses-guidel.fr\/index.php\/wp-json\/wp\/v2\/media?parent=99"}],"curies":[{"name":"wp","href":"https:\/\/api.w.org\/{rel}","templated":true}]}}